{"id":1298,"date":"2018-03-20T10:46:34","date_gmt":"2018-03-20T10:46:34","guid":{"rendered":"http:\/\/homolog.blogtarkett.com.br\/?page_id=800"},"modified":"2023-07-13T00:53:50","modified_gmt":"2023-07-13T03:53:50","slug":"home-creative-blog-2","status":"publish","type":"page","link":"https:\/\/tarkett.com.br\/blog\/","title":{"rendered":"Home"},"content":{"rendered":"<div class=\"wpb-content-wrapper\"><p>[vc_row full_width=&#8221;stretch_row_content_no_spaces&#8221; full_height=&#8221;yes&#8221; equal_height=&#8221;yes&#8221;][vc_column]<div id=\"widget_slider_337751558\" class=\"widget_area sc_widget_slider vc_widget_slider wpb_content_element\"><aside id=\"widget_slider_337751558_widget\" class=\"widget widget_slider\">\t\t\t<div class=\"slider_wrap slider_engine_swiper\">\n\t\t\t\t<div id=\"widget_slider_337751558_outer\" class=\"slider_outer slider_swiper_outer slider_style_default slider_outer_direction_horizontal slider_outer_one slider_outer_nopagination slider_outer_controls slider_outer_controls_side slider_outer_titles_outside\"><div id=\"widget_slider_337751558_swiper\" class=\"slider_container slider_swiper swiper-slider-container slider_controls slider_controls_side slider_titles_outside slider_resize slider_height_auto slider_direction_horizontal slider_nopagination slider_one slider_type_bg\" data-ratio=\"16:9\" data-interval=\"7000\" data-effect=\"slide\" data-pagination=\"bullets\" data-direction=\"horizontal\" data-slides-per-view=\"1\" data-slides-space=\"0\"><div class=\"slider-wrapper swiper-wrapper\"><div  class=\"slider-slide swiper-slide\" data-image=\"https:\/\/tarkett.com.br\/blog\/wp-content\/uploads\/2025\/07\/ambientada-trigo-loft-scaled.jpg\" data-cats=\"&lt;a href=&quot;https:\/\/tarkett.com.br\/blog\/category\/beneficios\/&quot; title=&quot;View all posts in Benef\u00edcios&quot;&gt;Benef\u00edcios, &lt;\/a&gt;&lt;a href=&quot;https:\/\/tarkett.com.br\/blog\/category\/dicas\/&quot; title=&quot;View all posts in Dicas&quot;&gt;Dicas, &lt;\/a&gt;&lt;a href=&quot;https:\/\/tarkett.com.br\/blog\/category\/mais-vistos\/&quot; title=&quot;View all posts in Mais Vistos&quot;&gt;Mais Vistos, &lt;\/a&gt;&lt;a href=&quot;https:\/\/tarkett.com.br\/blog\/category\/uncategorized\/&quot; title=&quot;View all posts in Uncategorized&quot;&gt;Uncategorized&lt;\/a&gt;\" data-title=\"Piso vin\u00edlico: conforto t\u00e9rmico e beleza para todas as esta\u00e7\u00f5es do ano\" data-date=\"julho 21, 2025\" style=\"background-image:url(https:\/\/tarkett.com.br\/blog\/wp-content\/uploads\/2025\/07\/ambientada-trigo-loft-scaled.jpg);\"><a href=\"https:\/\/tarkett.com.br\/blog\/piso-vinilico-conforto-termico-e-beleza-para-todas-as-estacoes-do-ano\/\" class=\"slide_link\"><\/a><\/div><div  class=\"slider-slide swiper-slide\" data-image=\"https:\/\/tarkett.com.br\/blog\/wp-content\/uploads\/2024\/03\/Piso-Vinilico-Cor-Ibiza-Linha-Tech-Colecao-Essence-Tarkett-alta-scaled.jpg\" data-cats=\"&lt;a href=&quot;https:\/\/tarkett.com.br\/blog\/category\/decoracao\/&quot; title=&quot;View all posts in Decora\u00e7\u00e3o&quot;&gt;Decora\u00e7\u00e3o, &lt;\/a&gt;&lt;a href=&quot;https:\/\/tarkett.com.br\/blog\/category\/dicas\/&quot; title=&quot;View all posts in Dicas&quot;&gt;Dicas, &lt;\/a&gt;&lt;a href=&quot;https:\/\/tarkett.com.br\/blog\/category\/mais-vistos\/&quot; title=&quot;View all posts in Mais Vistos&quot;&gt;Mais Vistos&lt;\/a&gt;\" data-title=\"5 dicas de decora\u00e7\u00e3o simples e r\u00e1pidas para sua casa\" data-date=\"mar\u00e7o 28, 2024\" style=\"background-image:url(https:\/\/tarkett.com.br\/blog\/wp-content\/uploads\/2024\/03\/Piso-Vinilico-Cor-Ibiza-Linha-Tech-Colecao-Essence-Tarkett-alta-scaled.jpg);\"><a href=\"https:\/\/tarkett.com.br\/blog\/decoracao-de-casa-simples\/\" class=\"slide_link\"><\/a><\/div><div  class=\"slider-slide swiper-slide\" data-image=\"https:\/\/tarkett.com.br\/blog\/wp-content\/uploads\/2024\/03\/24368711_malva_minitaco_essence30-4-scaled.jpg\" data-cats=\"&lt;a href=&quot;https:\/\/tarkett.com.br\/blog\/category\/mais-vistos\/&quot; title=&quot;View all posts in Mais Vistos&quot;&gt;Mais Vistos, &lt;\/a&gt;&lt;a href=&quot;https:\/\/tarkett.com.br\/blog\/category\/noticias\/&quot; title=&quot;View all posts in Not\u00edcias&quot;&gt;Not\u00edcias&lt;\/a&gt;\" data-title=\"Conhe\u00e7a o premiado piso vin\u00edlico da Tarkett que facilita pagina\u00e7\u00f5es criativas!\" data-date=\"mar\u00e7o 22, 2024\" style=\"background-image:url(https:\/\/tarkett.com.br\/blog\/wp-content\/uploads\/2024\/03\/24368711_malva_minitaco_essence30-4-scaled.jpg);\"><a href=\"https:\/\/tarkett.com.br\/blog\/premio-_best-in_show_expo_revestir\/\" class=\"slide_link\"><\/a><\/div><div  class=\"slider-slide swiper-slide\" data-image=\"https:\/\/tarkett.com.br\/blog\/wp-content\/uploads\/2024\/03\/Linha-Essence-30-Piso-Vinilico-Cor-Dalia-minitaco-Tarkett-2-scaled.jpg\" data-cats=\"&lt;a href=&quot;https:\/\/tarkett.com.br\/blog\/category\/decoracao\/&quot; title=&quot;View all posts in Decora\u00e7\u00e3o&quot;&gt;Decora\u00e7\u00e3o, &lt;\/a&gt;&lt;a href=&quot;https:\/\/tarkett.com.br\/blog\/category\/mais-vistos\/&quot; title=&quot;View all posts in Mais Vistos&quot;&gt;Mais Vistos, &lt;\/a&gt;&lt;a href=&quot;https:\/\/tarkett.com.br\/blog\/category\/tendencias\/&quot; title=&quot;View all posts in Tend\u00eancias&quot;&gt;Tend\u00eancias&lt;\/a&gt;\" data-title=\"Conhe\u00e7a os lan\u00e7amentos da Tarkett na Expo Revestir 2024\" data-date=\"mar\u00e7o 19, 2024\" style=\"background-image:url(https:\/\/tarkett.com.br\/blog\/wp-content\/uploads\/2024\/03\/Linha-Essence-30-Piso-Vinilico-Cor-Dalia-minitaco-Tarkett-2-scaled.jpg);\"><a href=\"https:\/\/tarkett.com.br\/blog\/conheca-os-lancamentos-da-tarkett-na-expo-revestir-2024\/\" class=\"slide_link\"><\/a><\/div><div  class=\"slider-slide swiper-slide\" data-image=\"https:\/\/tarkett.com.br\/blog\/wp-content\/uploads\/2023\/02\/home-office-escritorio-casa-com-piso-vinilico-amadeirado-escuro-2-scaled.jpg\" data-cats=\"&lt;a href=&quot;https:\/\/tarkett.com.br\/blog\/category\/dicas\/&quot; title=&quot;View all posts in Dicas&quot;&gt;Dicas, &lt;\/a&gt;&lt;a href=&quot;https:\/\/tarkett.com.br\/blog\/category\/mais-vistos\/&quot; title=&quot;View all posts in Mais Vistos&quot;&gt;Mais Vistos&lt;\/a&gt;\" data-title=\"Home Office: 4 motivos para escolher o piso vin\u00edlico para sua casa\" data-date=\"fevereiro 3, 2023\" style=\"background-image:url(https:\/\/tarkett.com.br\/blog\/wp-content\/uploads\/2023\/02\/home-office-escritorio-casa-com-piso-vinilico-amadeirado-escuro-2-scaled.jpg);\"><a href=\"https:\/\/tarkett.com.br\/blog\/pisos-home-office\/\" class=\"slide_link\"><\/a><\/div><div  class=\"slider-slide swiper-slide\" data-image=\"https:\/\/tarkett.com.br\/blog\/wp-content\/uploads\/2022\/12\/Carpete-Axminster-Desso-Hard-Rock-Live-Florianopolis-Tarkett-2-alta.jpg\" data-cats=\"&lt;a href=&quot;https:\/\/tarkett.com.br\/blog\/category\/mais-vistos\/&quot; title=&quot;View all posts in Mais Vistos&quot;&gt;Mais Vistos, &lt;\/a&gt;&lt;a href=&quot;https:\/\/tarkett.com.br\/blog\/category\/tendencias\/&quot; title=&quot;View all posts in Tend\u00eancias&quot;&gt;Tend\u00eancias&lt;\/a&gt;\" data-title=\"M\u00fasica e carpetes: sucesso no Hard Rock Live Florian\u00f3polis\" data-date=\"novembro 10, 2022\" style=\"background-image:url(https:\/\/tarkett.com.br\/blog\/wp-content\/uploads\/2022\/12\/Carpete-Axminster-Desso-Hard-Rock-Live-Florianopolis-Tarkett-2-alta.jpg);\"><a href=\"https:\/\/tarkett.com.br\/blog\/musica-e-carpetes\/\" class=\"slide_link\"><\/a><\/div><div  class=\"slider-slide swiper-slide\" data-image=\"https:\/\/tarkett.com.br\/blog\/wp-content\/uploads\/2019\/07\/Piso-Vinilico-Ambienta-Algodao-scaled.jpg\" data-cats=\"&lt;a href=&quot;https:\/\/tarkett.com.br\/blog\/category\/beneficios\/&quot; title=&quot;View all posts in Benef\u00edcios&quot;&gt;Benef\u00edcios, &lt;\/a&gt;&lt;a href=&quot;https:\/\/tarkett.com.br\/blog\/category\/mais-vistos\/&quot; title=&quot;View all posts in Mais Vistos&quot;&gt;Mais Vistos&lt;\/a&gt;\" data-title=\"Mas afinal o que \u00e9 piso vin\u00edlico?\" data-date=\"julho 29, 2019\" style=\"background-image:url(https:\/\/tarkett.com.br\/blog\/wp-content\/uploads\/2019\/07\/Piso-Vinilico-Ambienta-Algodao-scaled.jpg);\"><a href=\"https:\/\/tarkett.com.br\/blog\/o-que-e-piso-vinilico\/\" class=\"slide_link\"><\/a><\/div><\/div><!-- \/.slider-wrapper --><\/div><!-- \/.slider_container --><div class=\"slider_titles_outside_wrap\"><div class=\"slide_info slide_info_small\"><h3 class=\"slide_title\"><a href=\"https:\/\/tarkett.com.br\/blog\/piso-vinilico-conforto-termico-e-beleza-para-todas-as-estacoes-do-ano\/\">Piso vin\u00edlico: conforto t\u00e9rmico e beleza para todas as esta\u00e7\u00f5es do ano<\/a><\/h3><div class=\"slide_cats\"><a href=\"https:\/\/tarkett.com.br\/blog\/category\/beneficios\/\" title=\"View all posts in Benef\u00edcios\">Benef\u00edcios, <\/a><a href=\"https:\/\/tarkett.com.br\/blog\/category\/dicas\/\" title=\"View all posts in Dicas\">Dicas, <\/a><a href=\"https:\/\/tarkett.com.br\/blog\/category\/mais-vistos\/\" title=\"View all posts in Mais Vistos\">Mais Vistos, <\/a><a href=\"https:\/\/tarkett.com.br\/blog\/category\/uncategorized\/\" title=\"View all posts in Uncategorized\">Uncategorized<\/a><\/div><\/div><div class=\"slide_info slide_info_small\"><h3 class=\"slide_title\"><a href=\"https:\/\/tarkett.com.br\/blog\/decoracao-de-casa-simples\/\">5 dicas de decora\u00e7\u00e3o simples e r\u00e1pidas para sua casa<\/a><\/h3><div class=\"slide_cats\"><a href=\"https:\/\/tarkett.com.br\/blog\/category\/decoracao\/\" title=\"View all posts in Decora\u00e7\u00e3o\">Decora\u00e7\u00e3o, <\/a><a href=\"https:\/\/tarkett.com.br\/blog\/category\/dicas\/\" title=\"View all posts in Dicas\">Dicas, <\/a><a href=\"https:\/\/tarkett.com.br\/blog\/category\/mais-vistos\/\" title=\"View all posts in Mais Vistos\">Mais Vistos<\/a><\/div><\/div><div class=\"slide_info slide_info_small\"><h3 class=\"slide_title\"><a href=\"https:\/\/tarkett.com.br\/blog\/premio-_best-in_show_expo_revestir\/\">Conhe\u00e7a o premiado piso vin\u00edlico da Tarkett que facilita pagina\u00e7\u00f5es criativas!<\/a><\/h3><div class=\"slide_cats\"><a href=\"https:\/\/tarkett.com.br\/blog\/category\/mais-vistos\/\" title=\"View all posts in Mais Vistos\">Mais Vistos, <\/a><a href=\"https:\/\/tarkett.com.br\/blog\/category\/noticias\/\" title=\"View all posts in Not\u00edcias\">Not\u00edcias<\/a><\/div><\/div><div class=\"slide_info slide_info_small\"><h3 class=\"slide_title\"><a href=\"https:\/\/tarkett.com.br\/blog\/conheca-os-lancamentos-da-tarkett-na-expo-revestir-2024\/\">Conhe\u00e7a os lan\u00e7amentos da Tarkett na Expo Revestir 2024<\/a><\/h3><div class=\"slide_cats\"><a href=\"https:\/\/tarkett.com.br\/blog\/category\/decoracao\/\" title=\"View all posts in Decora\u00e7\u00e3o\">Decora\u00e7\u00e3o, <\/a><a href=\"https:\/\/tarkett.com.br\/blog\/category\/mais-vistos\/\" title=\"View all posts in Mais Vistos\">Mais Vistos, <\/a><a href=\"https:\/\/tarkett.com.br\/blog\/category\/tendencias\/\" title=\"View all posts in Tend\u00eancias\">Tend\u00eancias<\/a><\/div><\/div><div class=\"slide_info slide_info_small\"><h3 class=\"slide_title\"><a href=\"https:\/\/tarkett.com.br\/blog\/pisos-home-office\/\">Home Office: 4 motivos para escolher o piso vin\u00edlico para sua casa<\/a><\/h3><div class=\"slide_cats\"><a href=\"https:\/\/tarkett.com.br\/blog\/category\/dicas\/\" title=\"View all posts in Dicas\">Dicas, <\/a><a href=\"https:\/\/tarkett.com.br\/blog\/category\/mais-vistos\/\" title=\"View all posts in Mais Vistos\">Mais Vistos<\/a><\/div><\/div><div class=\"slide_info slide_info_small\"><h3 class=\"slide_title\"><a href=\"https:\/\/tarkett.com.br\/blog\/musica-e-carpetes\/\">M\u00fasica e carpetes: sucesso no Hard Rock Live Florian\u00f3polis<\/a><\/h3><div class=\"slide_cats\"><a href=\"https:\/\/tarkett.com.br\/blog\/category\/mais-vistos\/\" title=\"View all posts in Mais Vistos\">Mais Vistos, <\/a><a href=\"https:\/\/tarkett.com.br\/blog\/category\/tendencias\/\" title=\"View all posts in Tend\u00eancias\">Tend\u00eancias<\/a><\/div><\/div><div class=\"slide_info slide_info_small\"><h3 class=\"slide_title\"><a href=\"https:\/\/tarkett.com.br\/blog\/o-que-e-piso-vinilico\/\">Mas afinal o que \u00e9 piso vin\u00edlico?<\/a><\/h3><div class=\"slide_cats\"><a href=\"https:\/\/tarkett.com.br\/blog\/category\/beneficios\/\" title=\"View all posts in Benef\u00edcios\">Benef\u00edcios, <\/a><a href=\"https:\/\/tarkett.com.br\/blog\/category\/mais-vistos\/\" title=\"View all posts in Mais Vistos\">Mais Vistos<\/a><\/div><\/div><\/div><div class=\"slider_controls_wrap\"><a class=\"slider_prev swiper-button-prev\" href=\"#\"><\/a><a class=\"slider_next swiper-button-next\" href=\"#\"><\/a><\/div><\/div><!-- \/.slider_outer -->\t\t\t<\/div>\n\t\t\t<\/aside><\/div>[\/vc_column][\/vc_row][vc_row][vc_column][vc_empty_space height=&#8221;4.5em&#8221; alter_height=&#8221;none&#8221; hide_on_mobile=&#8221;&#8221;][vc_empty_space height=&#8221;1em&#8221; alter_height=&#8221;none&#8221; hide_on_mobile=&#8221;1&#8243;]<div id=\"sc_title_631891129\"\n\t\tclass=\"sc_title color_style_default sc_title_default\"><h2 class=\"sc_item_title sc_title_title sc_align_left sc_item_title_style_default sc_item_title_tag\">Posts recentes<\/h2><\/div><!-- \/.sc_title -->[vc_empty_space height=&#8221;2em&#8221; alter_height=&#8221;none&#8221; hide_on_mobile=&#8221;&#8221;][vc_empty_space height=&#8221;0.6em&#8221; alter_height=&#8221;none&#8221; hide_on_mobile=&#8221;1&#8243;]<div class=\"sc_blogger color_style_default sc_blogger_default no-padding\"><div class=\"sc_blogger_columns_wrap sc_item_columns trx_addons_columns_wrap columns_padding_bottom\"><div class=\"trx_addons_column-1_3\"><div class=\"sc_blogger_item post_format_standard post-4741 post type-post status-publish format-standard has-post-thumbnail hentry category-beneficios\"><div class=\"post_featured with_thumb hover_icon sc_blogger_item_featured\"><img loading=\"lazy\" decoding=\"async\" width=\"770\" height=\"652\" src=\"https:\/\/tarkett.com.br\/blog\/wp-content\/uploads\/2026\/04\/Decode-Grafito-Piso-Vinilico-Manta-Cor-Medium-Grey-25098100-Tarkett-alta-Grande-770x652.jpeg\" class=\"attachment-eject-thumb-blogger size-eject-thumb-blogger wp-post-image\" alt=\"Dia Mundial da Sa\u00fade: como criar ambientes mais seguros e acolhedores?\" \/><div class=\"mask\"><\/div><div class=\"icons\"><a href=\"https:\/\/tarkett.com.br\/blog\/pisos-vinilicos-hospitais-ambientes-saude\/\" aria-hidden=\"true\" class=\"icon-unlink\"><\/a><\/div><span class=\"post_meta_item post_categories\"><a href=\"https:\/\/tarkett.com.br\/blog\/category\/beneficios\/\" title=\"View all posts in Benef\u00edcios\">Benef\u00edcios<\/a><\/span><\/div><div class=\"sc_blogger_item_content entry-content\">            <div class=\"sc_blogger_item_header entry-header\"><div class=\"post_meta\">\t\t\t\t\t\t<span class=\"post_meta_item post_date\"><a href=\"https:\/\/tarkett.com.br\/blog\/pisos-vinilicos-hospitais-ambientes-saude\/\">3 dias ago<\/a><\/span>\n\t\t\t\t\t\t\t\t\t\t\t\t<a class=\"post_meta_item post_author\" rel=\"author\" href=\"https:\/\/tarkett.com.br\/blog\/author\/admin\/\">\n\t\t\t\t\t\t\tBy admin\t\t\t\t\t\t<\/a>\n\t\t\t\t\t\t<\/div><!-- .post_meta --><h5 class=\"sc_blogger_item_title entry-title\"><a href=\"https:\/\/tarkett.com.br\/blog\/pisos-vinilicos-hospitais-ambientes-saude\/\" rel=\"bookmark\">Dia Mundial da Sa\u00fade: como criar ambientes mais seguros e acolhedores?<\/a><\/h5><\/div><!-- .entry-header --><div class=\"sc_blogger_item_excerpt\">\n\t\t\t\t<div class=\"sc_blogger_item_excerpt_text\">\n\t\t\t\t\t<p>No Dia Mundial da Sa\u00fade, celebrado em 7 de abril, o debate sobre qualidade dos ambientes nesta \u00e1rea ganha ainda mais relev\u00e2ncia. Hospitais, cl\u00ednicas e laborat\u00f3rios s\u00e3o espa\u00e7os onde cada&hellip;<\/p>\n\t\t\t\t<\/div>\n\t\t\t\t<div class=\"sc_blogger_item_button sc_item_button\"><a href=\"https:\/\/tarkett.com.br\/blog\/pisos-vinilicos-hospitais-ambientes-saude\/\" class=\"sc_button sc_button_simple\"><\/a><\/div><\/div><!-- .sc_blogger_item_excerpt --><\/div><!-- .entry-content --><\/div><!-- .sc_blogger_item --><\/div><div class=\"trx_addons_column-1_3\"><div class=\"sc_blogger_item post_format_standard post-4732 post type-post status-publish format-standard has-post-thumbnail hentry category-beneficios\"><div class=\"post_featured with_thumb hover_icon sc_blogger_item_featured\"><img loading=\"lazy\" decoding=\"async\" width=\"770\" height=\"652\" src=\"https:\/\/tarkett.com.br\/blog\/wp-content\/uploads\/2026\/04\/Recanto-Doma-Piso-Vinilico-Cor-Mascavo-Tarkett-4-alta-Grande-770x652.jpeg\" class=\"attachment-eject-thumb-blogger size-eject-thumb-blogger wp-post-image\" alt=\"Autismo e sensibilidade auditiva: como criar espa\u00e7os mais confort\u00e1veis a partir do piso\" \/><div class=\"mask\"><\/div><div class=\"icons\"><a href=\"https:\/\/tarkett.com.br\/blog\/autismo-sensibilidade-auditiva-conforto-acustico-piso-vinilico\/\" aria-hidden=\"true\" class=\"icon-unlink\"><\/a><\/div><span class=\"post_meta_item post_categories\"><a href=\"https:\/\/tarkett.com.br\/blog\/category\/beneficios\/\" title=\"View all posts in Benef\u00edcios\">Benef\u00edcios<\/a><\/span><\/div><div class=\"sc_blogger_item_content entry-content\">            <div class=\"sc_blogger_item_header entry-header\"><div class=\"post_meta\">\t\t\t\t\t\t<span class=\"post_meta_item post_date\"><a href=\"https:\/\/tarkett.com.br\/blog\/autismo-sensibilidade-auditiva-conforto-acustico-piso-vinilico\/\">abril 20, 2026<\/a><\/span>\n\t\t\t\t\t\t\t\t\t\t\t\t<a class=\"post_meta_item post_author\" rel=\"author\" href=\"https:\/\/tarkett.com.br\/blog\/author\/admin\/\">\n\t\t\t\t\t\t\tBy admin\t\t\t\t\t\t<\/a>\n\t\t\t\t\t\t<\/div><!-- .post_meta --><h5 class=\"sc_blogger_item_title entry-title\"><a href=\"https:\/\/tarkett.com.br\/blog\/autismo-sensibilidade-auditiva-conforto-acustico-piso-vinilico\/\" rel=\"bookmark\">Autismo e sensibilidade auditiva: como criar espa\u00e7os mais confort\u00e1veis a partir do piso<\/a><\/h5><\/div><!-- .entry-header --><div class=\"sc_blogger_item_excerpt\">\n\t\t\t\t<div class=\"sc_blogger_item_excerpt_text\">\n\t\t\t\t\t<p>Quando pensamos em conforto dentro de um ambiente, \u00e9 comum que a aten\u00e7\u00e3o se volte para o que \u00e9 vis\u00edvel: cores, m\u00f3veis, ilumina\u00e7\u00e3o, organiza\u00e7\u00e3o do espa\u00e7o. Mas existe um fator&hellip;<\/p>\n\t\t\t\t<\/div>\n\t\t\t\t<div class=\"sc_blogger_item_button sc_item_button\"><a href=\"https:\/\/tarkett.com.br\/blog\/autismo-sensibilidade-auditiva-conforto-acustico-piso-vinilico\/\" class=\"sc_button sc_button_simple\"><\/a><\/div><\/div><!-- .sc_blogger_item_excerpt --><\/div><!-- .entry-content --><\/div><!-- .sc_blogger_item --><\/div><div class=\"trx_addons_column-1_3\"><div class=\"sc_blogger_item post_format_standard post-4724 post type-post status-publish format-standard has-post-thumbnail hentry category-beneficios\"><div class=\"post_featured with_thumb hover_icon sc_blogger_item_featured\"><img loading=\"lazy\" decoding=\"async\" width=\"770\" height=\"652\" src=\"https:\/\/tarkett.com.br\/blog\/wp-content\/uploads\/2026\/04\/DESSO-Air-Master-05-770x652.jpg\" class=\"attachment-eject-thumb-blogger size-eject-thumb-blogger wp-post-image\" alt=\"Qualidade do ar come\u00e7a pelo ch\u00e3o: como o piso pode impactar a sa\u00fade e o bem-estar?\" \/><div class=\"mask\"><\/div><div class=\"icons\"><a href=\"https:\/\/tarkett.com.br\/blog\/qualidade-do-ar-interno-piso-saude-bem-estar\/\" aria-hidden=\"true\" class=\"icon-unlink\"><\/a><\/div><span class=\"post_meta_item post_categories\"><a href=\"https:\/\/tarkett.com.br\/blog\/category\/beneficios\/\" title=\"View all posts in Benef\u00edcios\">Benef\u00edcios<\/a><\/span><\/div><div class=\"sc_blogger_item_content entry-content\">            <div class=\"sc_blogger_item_header entry-header\"><div class=\"post_meta\">\t\t\t\t\t\t<span class=\"post_meta_item post_date\"><a href=\"https:\/\/tarkett.com.br\/blog\/qualidade-do-ar-interno-piso-saude-bem-estar\/\">abril 6, 2026<\/a><\/span>\n\t\t\t\t\t\t\t\t\t\t\t\t<a class=\"post_meta_item post_author\" rel=\"author\" href=\"https:\/\/tarkett.com.br\/blog\/author\/admin\/\">\n\t\t\t\t\t\t\tBy admin\t\t\t\t\t\t<\/a>\n\t\t\t\t\t\t<\/div><!-- .post_meta --><h5 class=\"sc_blogger_item_title entry-title\"><a href=\"https:\/\/tarkett.com.br\/blog\/qualidade-do-ar-interno-piso-saude-bem-estar\/\" rel=\"bookmark\">Qualidade do ar come\u00e7a pelo ch\u00e3o: como o piso pode impactar a sa\u00fade e o bem-estar?<\/a><\/h5><\/div><!-- .entry-header --><div class=\"sc_blogger_item_excerpt\">\n\t\t\t\t<div class=\"sc_blogger_item_excerpt_text\">\n\t\t\t\t\t<p>Respirar bem \u00e9 algo t\u00e3o natural que, na maioria das vezes, passa despercebido. Mas basta estar em um ambiente fechado, com pouca ventila\u00e7\u00e3o e ac\u00famulo de poeira, para que o&hellip;<\/p>\n\t\t\t\t<\/div>\n\t\t\t\t<div class=\"sc_blogger_item_button sc_item_button\"><a href=\"https:\/\/tarkett.com.br\/blog\/qualidade-do-ar-interno-piso-saude-bem-estar\/\" class=\"sc_button sc_button_simple\"><\/a><\/div><\/div><!-- .sc_blogger_item_excerpt --><\/div><!-- .entry-content --><\/div><!-- .sc_blogger_item --><\/div><\/div><\/div><!-- \/.sc_blogger -->[\/vc_column][\/vc_row][vc_row][vc_column][vc_empty_space height=&#8221;2.5em&#8221; alter_height=&#8221;none&#8221; hide_on_mobile=&#8221;&#8221;][vc_empty_space height=&#8221;0.5em&#8221; alter_height=&#8221;none&#8221; hide_on_mobile=&#8221;1&#8243;]<div id=\"sc_title_2012917744\"\n\t\tclass=\"sc_title color_style_default sc_title_default\"><h2 class=\"sc_item_title sc_title_title sc_align_left sc_item_title_style_default sc_item_title_tag\">\u00daltimas not\u00edcias<\/h2><\/div><!-- \/.sc_title -->[vc_empty_space height=&#8221;2em&#8221; alter_height=&#8221;none&#8221; hide_on_mobile=&#8221;&#8221;][vc_empty_space height=&#8221;0.6em&#8221; alter_height=&#8221;none&#8221; hide_on_mobile=&#8221;1&#8243;][vc_row_inner][vc_column_inner width=&#8221;2\/3&#8243;]<div id=\"widget_recent_news_42674922\" class=\"sc_recent_news sc_recent_news_style_news-magazine sc_recent_news_with_accented\"><article \n\tclass=\"post_item post_layout_news-magazine post_format_standard post_accented_on post-4711 post type-post status-publish format-standard has-post-thumbnail hentry category-noticias\"\t\t>\n\n\t<div class=\"post_featured with_thumb hover_icon\"><img loading=\"lazy\" decoding=\"async\" width=\"698\" height=\"464\" src=\"https:\/\/tarkett.com.br\/blog\/wp-content\/uploads\/2026\/02\/image-4.png\" class=\"attachment-eject-thumb-huge size-eject-thumb-huge wp-post-image\" alt=\"Tarkett amplia possibilidades de design em escrit\u00f3rios com lan\u00e7amento da iD Square.\" srcset=\"https:\/\/tarkett.com.br\/blog\/wp-content\/uploads\/2026\/02\/image-4.png 698w, https:\/\/tarkett.com.br\/blog\/wp-content\/uploads\/2026\/02\/image-4-300x199.png 300w, https:\/\/tarkett.com.br\/blog\/wp-content\/uploads\/2026\/02\/image-4-370x246.png 370w\" sizes=\"auto, (max-width: 698px) 100vw, 698px\" \/><div class=\"mask\"><\/div><div class=\"icons\"><a href=\"https:\/\/tarkett.com.br\/blog\/id-square-piso-lvt-para-escritorios-com-piso-elevado\/\" aria-hidden=\"true\" class=\"icon-unlink\"><\/a><\/div><\/div>\t\t<div class=\"post_header entry-header\">\n\t\t\t<h5 class=\"post_title entry-title\"><a href=\"https:\/\/tarkett.com.br\/blog\/id-square-piso-lvt-para-escritorios-com-piso-elevado\/\" rel=\"bookmark\">Tarkett amplia possibilidades de design em escrit\u00f3rios com lan\u00e7amento da iD Square.<\/a><\/h5><div class=\"post_meta\">\n                <span class=\"post_categories post_meta_item\"><a href=\"https:\/\/tarkett.com.br\/blog\/category\/noticias\/\" title=\"View all posts in Not\u00edcias\">Not\u00edcias<\/a><\/span>\n                <span class=\"post_date post_meta_item\"><a href=\"https:\/\/tarkett.com.br\/blog\/id-square-piso-lvt-para-escritorios-com-piso-elevado\/\">fevereiro 23, 2026<\/a><\/span>\n                <span class=\"post_author post_meta_item\">By admin<\/span>                    <a href=\"https:\/\/tarkett.com.br\/blog\/id-square-piso-lvt-para-escritorios-com-piso-elevado\/#respond\"\n                       class=\"post_meta_item post_counters_comments icon-comment-light\"><span class=\"post_counters_number\">0<\/span> <span class=\"post_counters_label\">Comments<\/span>\n                    <\/a>\n                    <\/div>\t\t<\/div><!-- .entry-header -->\n\t\t<\/article><\/div><!-- \/.sc_recent_news -->[vc_empty_space height=&#8221;3em&#8221; alter_height=&#8221;none&#8221; hide_on_mobile=&#8221;&#8221;][\/vc_column_inner][vc_column_inner width=&#8221;1\/3&#8243;]<div id=\"widget_recent_news_447289618\" class=\"sc_recent_news sc_recent_news_style_news-magazine sc_recent_news_without_accented\"><article \n\tclass=\"post_item post_layout_news-magazine post_format_standard post_accented_off post-4683 post type-post status-publish format-standard has-post-thumbnail hentry category-dicas category-noticias\"\t\t>\n\n\t<div class=\"post_featured with_thumb hover_icon\"><img loading=\"lazy\" decoding=\"async\" width=\"760\" height=\"428\" src=\"https:\/\/tarkett.com.br\/blog\/wp-content\/uploads\/2025\/12\/Captura-de-tela-2026-01-27-113430-760x428.png\" class=\"attachment-eject-thumb-big size-eject-thumb-big wp-post-image\" alt=\"Conhe\u00e7a o novo site da Tarkett: mais r\u00e1pido, f\u00e1cil e eficiente!\" srcset=\"https:\/\/tarkett.com.br\/blog\/wp-content\/uploads\/2025\/12\/Captura-de-tela-2026-01-27-113430-760x428.png 760w, https:\/\/tarkett.com.br\/blog\/wp-content\/uploads\/2025\/12\/Captura-de-tela-2026-01-27-113430-1170x658.png 1170w, https:\/\/tarkett.com.br\/blog\/wp-content\/uploads\/2025\/12\/Captura-de-tela-2026-01-27-113430-370x208.png 370w, https:\/\/tarkett.com.br\/blog\/wp-content\/uploads\/2025\/12\/Captura-de-tela-2026-01-27-113430-270x152.png 270w\" sizes=\"auto, (max-width: 760px) 100vw, 760px\" \/><div class=\"mask\"><\/div><div class=\"icons\"><a href=\"https:\/\/tarkett.com.br\/blog\/novo-site-tarkett\/\" aria-hidden=\"true\" class=\"icon-unlink\"><\/a><\/div><\/div>\t\t<div class=\"post_header entry-header\">\n\t\t\t<h6 class=\"post_title entry-title\"><a href=\"https:\/\/tarkett.com.br\/blog\/novo-site-tarkett\/\" rel=\"bookmark\">Conhe\u00e7a o novo site da Tarkett: mais r\u00e1pido, f\u00e1cil e eficiente!<\/a><\/h6><div class=\"post_meta\">\n                <span class=\"post_categories post_meta_item\"><a href=\"https:\/\/tarkett.com.br\/blog\/category\/dicas\/\" title=\"View all posts in Dicas\">Dicas<\/a>, <a href=\"https:\/\/tarkett.com.br\/blog\/category\/noticias\/\" title=\"View all posts in Not\u00edcias\">Not\u00edcias<\/a><\/span>\n                <span class=\"post_date post_meta_item\"><a href=\"https:\/\/tarkett.com.br\/blog\/novo-site-tarkett\/\">dezembro 2, 2025<\/a><\/span>\n                <span class=\"post_author post_meta_item\">By admin<\/span><\/div>\t\t<\/div><!-- .entry-header -->\n\t\t<\/article><article \n\tclass=\"post_item post_layout_news-magazine post_format_standard post_accented_off post-4521 post type-post status-publish format-standard has-post-thumbnail hentry category-noticias category-tendencias\"\t\t>\n\n\t<div class=\"post_featured with_thumb hover_icon\"><img loading=\"lazy\" decoding=\"async\" width=\"760\" height=\"428\" src=\"https:\/\/tarkett.com.br\/blog\/wp-content\/uploads\/2025\/06\/ProtectWALL-\u2013-Parede-UNI-Terracota-264991101-Ochre-264991085-Plywood-Natural-264991101-Gemstone-Pastel-264991094-Tweed-Warm-Grey-264991088-Linen-264991100-Concrete-Mastic-264991074-\u2013-Tarkett-760x428.jpg\" class=\"attachment-eject-thumb-big size-eject-thumb-big wp-post-image\" alt=\"Vin\u00edlico para parede: conhe\u00e7a a nova linha ProtectWALL\" srcset=\"https:\/\/tarkett.com.br\/blog\/wp-content\/uploads\/2025\/06\/ProtectWALL-\u2013-Parede-UNI-Terracota-264991101-Ochre-264991085-Plywood-Natural-264991101-Gemstone-Pastel-264991094-Tweed-Warm-Grey-264991088-Linen-264991100-Concrete-Mastic-264991074-\u2013-Tarkett-760x428.jpg 760w, https:\/\/tarkett.com.br\/blog\/wp-content\/uploads\/2025\/06\/ProtectWALL-\u2013-Parede-UNI-Terracota-264991101-Ochre-264991085-Plywood-Natural-264991101-Gemstone-Pastel-264991094-Tweed-Warm-Grey-264991088-Linen-264991100-Concrete-Mastic-264991074-\u2013-Tarkett-300x169.jpg 300w, https:\/\/tarkett.com.br\/blog\/wp-content\/uploads\/2025\/06\/ProtectWALL-\u2013-Parede-UNI-Terracota-264991101-Ochre-264991085-Plywood-Natural-264991101-Gemstone-Pastel-264991094-Tweed-Warm-Grey-264991088-Linen-264991100-Concrete-Mastic-264991074-\u2013-Tarkett-1024x576.jpg 1024w, https:\/\/tarkett.com.br\/blog\/wp-content\/uploads\/2025\/06\/ProtectWALL-\u2013-Parede-UNI-Terracota-264991101-Ochre-264991085-Plywood-Natural-264991101-Gemstone-Pastel-264991094-Tweed-Warm-Grey-264991088-Linen-264991100-Concrete-Mastic-264991074-\u2013-Tarkett-768x432.jpg 768w, https:\/\/tarkett.com.br\/blog\/wp-content\/uploads\/2025\/06\/ProtectWALL-\u2013-Parede-UNI-Terracota-264991101-Ochre-264991085-Plywood-Natural-264991101-Gemstone-Pastel-264991094-Tweed-Warm-Grey-264991088-Linen-264991100-Concrete-Mastic-264991074-\u2013-Tarkett-1536x864.jpg 1536w, https:\/\/tarkett.com.br\/blog\/wp-content\/uploads\/2025\/06\/ProtectWALL-\u2013-Parede-UNI-Terracota-264991101-Ochre-264991085-Plywood-Natural-264991101-Gemstone-Pastel-264991094-Tweed-Warm-Grey-264991088-Linen-264991100-Concrete-Mastic-264991074-\u2013-Tarkett-2048x1152.jpg 2048w, https:\/\/tarkett.com.br\/blog\/wp-content\/uploads\/2025\/06\/ProtectWALL-\u2013-Parede-UNI-Terracota-264991101-Ochre-264991085-Plywood-Natural-264991101-Gemstone-Pastel-264991094-Tweed-Warm-Grey-264991088-Linen-264991100-Concrete-Mastic-264991074-\u2013-Tarkett-370x208.jpg 370w, https:\/\/tarkett.com.br\/blog\/wp-content\/uploads\/2025\/06\/ProtectWALL-\u2013-Parede-UNI-Terracota-264991101-Ochre-264991085-Plywood-Natural-264991101-Gemstone-Pastel-264991094-Tweed-Warm-Grey-264991088-Linen-264991100-Concrete-Mastic-264991074-\u2013-Tarkett-1170x658.jpg 1170w, https:\/\/tarkett.com.br\/blog\/wp-content\/uploads\/2025\/06\/ProtectWALL-\u2013-Parede-UNI-Terracota-264991101-Ochre-264991085-Plywood-Natural-264991101-Gemstone-Pastel-264991094-Tweed-Warm-Grey-264991088-Linen-264991100-Concrete-Mastic-264991074-\u2013-Tarkett-270x152.jpg 270w\" sizes=\"auto, (max-width: 760px) 100vw, 760px\" \/><div class=\"mask\"><\/div><div class=\"icons\"><a href=\"https:\/\/tarkett.com.br\/blog\/vinilico-para-parede-conheca-a-nova-linha-protectwall\/\" aria-hidden=\"true\" class=\"icon-unlink\"><\/a><\/div><\/div>\t\t<div class=\"post_header entry-header\">\n\t\t\t<h6 class=\"post_title entry-title\"><a href=\"https:\/\/tarkett.com.br\/blog\/vinilico-para-parede-conheca-a-nova-linha-protectwall\/\" rel=\"bookmark\">Vin\u00edlico para parede: conhe\u00e7a a nova linha ProtectWALL<\/a><\/h6><div class=\"post_meta\">\n                <span class=\"post_categories post_meta_item\"><a href=\"https:\/\/tarkett.com.br\/blog\/category\/noticias\/\" title=\"View all posts in Not\u00edcias\">Not\u00edcias<\/a>, <a href=\"https:\/\/tarkett.com.br\/blog\/category\/tendencias\/\" title=\"View all posts in Tend\u00eancias\">Tend\u00eancias<\/a><\/span>\n                <span class=\"post_date post_meta_item\"><a href=\"https:\/\/tarkett.com.br\/blog\/vinilico-para-parede-conheca-a-nova-linha-protectwall\/\">junho 17, 2025<\/a><\/span>\n                <span class=\"post_author post_meta_item\">By admin<\/span><\/div>\t\t<\/div><!-- .entry-header -->\n\t\t<\/article><\/div><!-- \/.sc_recent_news -->[vc_empty_space height=&#8221;3em&#8221; alter_height=&#8221;none&#8221; hide_on_mobile=&#8221;&#8221;][vc_empty_space height=&#8221;1em&#8221; alter_height=&#8221;none&#8221; hide_on_mobile=&#8221;1&#8243;][\/vc_column_inner][\/vc_row_inner][\/vc_column][\/vc_row][vc_row full_width=&#8221;stretch_row&#8221; css=&#8221;.vc_custom_1521549951941{background-color: #f5f5f5 !important;}&#8221;][vc_column][vc_empty_space height=&#8221;4.6em&#8221; alter_height=&#8221;none&#8221; hide_on_mobile=&#8221;&#8221;][vc_empty_space height=&#8221;1em&#8221; alter_height=&#8221;none&#8221; hide_on_mobile=&#8221;1&#8243;]<div id=\"sc_title_206750191\"\n\t\tclass=\"sc_title color_style_default sc_title_default\"><h2 class=\"sc_item_title sc_title_title sc_align_left sc_item_title_style_default sc_item_title_tag\">Tend\u00eancias da semana<\/h2><\/div><!-- \/.sc_title -->[vc_empty_space height=&#8221;2em&#8221; alter_height=&#8221;none&#8221; hide_on_mobile=&#8221;&#8221;][vc_empty_space height=&#8221;0.6em&#8221; alter_height=&#8221;none&#8221; hide_on_mobile=&#8221;1&#8243;]<div class=\"sc_blogger color_style_default sc_blogger_default\"><div class=\"sc_blogger_columns_wrap sc_item_columns trx_addons_columns_wrap columns_padding_bottom\"><div class=\"trx_addons_column-1_3\"><div class=\"sc_blogger_item post_format_standard post-4705 post type-post status-publish format-standard has-post-thumbnail hentry category-dicas category-tendencias\"><div class=\"post_featured with_thumb hover_icon sc_blogger_item_featured\"><img loading=\"lazy\" decoding=\"async\" width=\"760\" height=\"428\" src=\"https:\/\/tarkett.com.br\/blog\/wp-content\/uploads\/2026\/02\/ambientada-mascavo-cozinha-2-760x428.jpg\" class=\"attachment-eject-thumb-big size-eject-thumb-big wp-post-image\" alt=\"Tend\u00eancias para apostar em 2026: o piso vin\u00edlico pode te ajudar!\" srcset=\"https:\/\/tarkett.com.br\/blog\/wp-content\/uploads\/2026\/02\/ambientada-mascavo-cozinha-2-760x428.jpg 760w, https:\/\/tarkett.com.br\/blog\/wp-content\/uploads\/2026\/02\/ambientada-mascavo-cozinha-2-1170x658.jpg 1170w, https:\/\/tarkett.com.br\/blog\/wp-content\/uploads\/2026\/02\/ambientada-mascavo-cozinha-2-370x208.jpg 370w, https:\/\/tarkett.com.br\/blog\/wp-content\/uploads\/2026\/02\/ambientada-mascavo-cozinha-2-270x152.jpg 270w\" sizes=\"auto, (max-width: 760px) 100vw, 760px\" \/><div class=\"mask\"><\/div><div class=\"icons\"><a href=\"https:\/\/tarkett.com.br\/blog\/tendencias-para-apostar-em-2026-o-piso-vinilico-pode-te-ajudar\/\" aria-hidden=\"true\" class=\"icon-unlink\"><\/a><\/div><span class=\"post_meta_item post_categories\"><a href=\"https:\/\/tarkett.com.br\/blog\/category\/dicas\/\" title=\"View all posts in Dicas\">Dicas<\/a><a href=\"https:\/\/tarkett.com.br\/blog\/category\/tendencias\/\" title=\"View all posts in Tend\u00eancias\">Tend\u00eancias<\/a><\/span><\/div><div class=\"sc_blogger_item_content entry-content hide_excerpt\">            <div class=\"sc_blogger_item_header entry-header\"><h5 class=\"sc_blogger_item_title entry-title\"><a href=\"https:\/\/tarkett.com.br\/blog\/tendencias-para-apostar-em-2026-o-piso-vinilico-pode-te-ajudar\/\" rel=\"bookmark\">Tend\u00eancias para apostar em 2026: o piso vin\u00edlico pode te ajudar!<\/a><\/h5><div class=\"post_meta\">\t\t\t\t\t\t<span class=\"post_meta_item post_date\"><a href=\"https:\/\/tarkett.com.br\/blog\/tendencias-para-apostar-em-2026-o-piso-vinilico-pode-te-ajudar\/\">fevereiro 2, 2026<\/a><\/span>\n\t\t\t\t\t\t\t\t\t\t\t\t<a class=\"post_meta_item post_author\" rel=\"author\" href=\"https:\/\/tarkett.com.br\/blog\/author\/admin\/\">\n\t\t\t\t\t\t\tBy admin\t\t\t\t\t\t<\/a>\n\t\t\t\t\t\t<\/div><!-- .post_meta --><\/div><!-- .entry-header --><\/div><!-- .entry-content --><\/div><!-- .sc_blogger_item --><\/div><div class=\"trx_addons_column-1_3\"><div class=\"sc_blogger_item post_format_standard post-4630 post type-post status-publish format-standard has-post-thumbnail hentry category-beneficios category-tendencias\"><div class=\"post_featured with_thumb hover_icon sc_blogger_item_featured\"><img loading=\"lazy\" decoding=\"async\" width=\"760\" height=\"428\" src=\"https:\/\/tarkett.com.br\/blog\/wp-content\/uploads\/2025\/09\/Carvalho-Cinza_24176672-760x428.jpg\" class=\"attachment-eject-thumb-big size-eject-thumb-big wp-post-image\" alt=\"Piso Vin\u00edlico para Academias: Vantagens e Tend\u00eancias em 2025\" srcset=\"https:\/\/tarkett.com.br\/blog\/wp-content\/uploads\/2025\/09\/Carvalho-Cinza_24176672-760x428.jpg 760w, https:\/\/tarkett.com.br\/blog\/wp-content\/uploads\/2025\/09\/Carvalho-Cinza_24176672-1170x658.jpg 1170w, https:\/\/tarkett.com.br\/blog\/wp-content\/uploads\/2025\/09\/Carvalho-Cinza_24176672-370x208.jpg 370w, https:\/\/tarkett.com.br\/blog\/wp-content\/uploads\/2025\/09\/Carvalho-Cinza_24176672-270x152.jpg 270w\" sizes=\"auto, (max-width: 760px) 100vw, 760px\" \/><div class=\"mask\"><\/div><div class=\"icons\"><a href=\"https:\/\/tarkett.com.br\/blog\/piso-vinilico-para-academias-vantagens-e-tendencias-em-2025\/\" aria-hidden=\"true\" class=\"icon-unlink\"><\/a><\/div><span class=\"post_meta_item post_categories\"><a href=\"https:\/\/tarkett.com.br\/blog\/category\/beneficios\/\" title=\"View all posts in Benef\u00edcios\">Benef\u00edcios<\/a><a href=\"https:\/\/tarkett.com.br\/blog\/category\/tendencias\/\" title=\"View all posts in Tend\u00eancias\">Tend\u00eancias<\/a><\/span><\/div><div class=\"sc_blogger_item_content entry-content hide_excerpt\">            <div class=\"sc_blogger_item_header entry-header\"><h5 class=\"sc_blogger_item_title entry-title\"><a href=\"https:\/\/tarkett.com.br\/blog\/piso-vinilico-para-academias-vantagens-e-tendencias-em-2025\/\" rel=\"bookmark\">Piso Vin\u00edlico para Academias: Vantagens e Tend\u00eancias em 2025<\/a><\/h5><div class=\"post_meta\">\t\t\t\t\t\t<span class=\"post_meta_item post_date\"><a href=\"https:\/\/tarkett.com.br\/blog\/piso-vinilico-para-academias-vantagens-e-tendencias-em-2025\/\">setembro 5, 2025<\/a><\/span>\n\t\t\t\t\t\t\t\t\t\t\t\t<a class=\"post_meta_item post_author\" rel=\"author\" href=\"https:\/\/tarkett.com.br\/blog\/author\/admin\/\">\n\t\t\t\t\t\t\tBy admin\t\t\t\t\t\t<\/a>\n\t\t\t\t\t\t<\/div><!-- .post_meta --><\/div><!-- .entry-header --><\/div><!-- .entry-content --><\/div><!-- .sc_blogger_item --><\/div><div class=\"trx_addons_column-1_3\"><div class=\"sc_blogger_item post_format_standard post-4618 post type-post status-publish format-standard has-post-thumbnail hentry category-dicas category-tendencias\"><div class=\"post_featured with_thumb hover_icon sc_blogger_item_featured\"><img loading=\"lazy\" decoding=\"async\" width=\"642\" height=\"428\" src=\"https:\/\/tarkett.com.br\/blog\/wp-content\/uploads\/2025\/08\/stone_grafitoporcelain124dark_porcelain111-1.jpg\" class=\"attachment-eject-thumb-big size-eject-thumb-big wp-post-image\" alt=\"Como Escolher o Piso Ideal para Escrit\u00f3rios Modernos\" srcset=\"https:\/\/tarkett.com.br\/blog\/wp-content\/uploads\/2025\/08\/stone_grafitoporcelain124dark_porcelain111-1.jpg 9484w, https:\/\/tarkett.com.br\/blog\/wp-content\/uploads\/2025\/08\/stone_grafitoporcelain124dark_porcelain111-1-300x200.jpg 300w, https:\/\/tarkett.com.br\/blog\/wp-content\/uploads\/2025\/08\/stone_grafitoporcelain124dark_porcelain111-1-1024x683.jpg 1024w, https:\/\/tarkett.com.br\/blog\/wp-content\/uploads\/2025\/08\/stone_grafitoporcelain124dark_porcelain111-1-768x512.jpg 768w, https:\/\/tarkett.com.br\/blog\/wp-content\/uploads\/2025\/08\/stone_grafitoporcelain124dark_porcelain111-1-370x247.jpg 370w, https:\/\/tarkett.com.br\/blog\/wp-content\/uploads\/2025\/08\/stone_grafitoporcelain124dark_porcelain111-1-760x507.jpg 760w\" sizes=\"auto, (max-width: 642px) 100vw, 642px\" \/><div class=\"mask\"><\/div><div class=\"icons\"><a href=\"https:\/\/tarkett.com.br\/blog\/como-escolher-o-piso-ideal-para-escritorios-modernos\/\" aria-hidden=\"true\" class=\"icon-unlink\"><\/a><\/div><span class=\"post_meta_item post_categories\"><a href=\"https:\/\/tarkett.com.br\/blog\/category\/dicas\/\" title=\"View all posts in Dicas\">Dicas<\/a><a href=\"https:\/\/tarkett.com.br\/blog\/category\/tendencias\/\" title=\"View all posts in Tend\u00eancias\">Tend\u00eancias<\/a><\/span><\/div><div class=\"sc_blogger_item_content entry-content hide_excerpt\">            <div class=\"sc_blogger_item_header entry-header\"><h5 class=\"sc_blogger_item_title entry-title\"><a href=\"https:\/\/tarkett.com.br\/blog\/como-escolher-o-piso-ideal-para-escritorios-modernos\/\" rel=\"bookmark\">Como Escolher o Piso Ideal para Escrit\u00f3rios Modernos<\/a><\/h5><div class=\"post_meta\">\t\t\t\t\t\t<span class=\"post_meta_item post_date\"><a href=\"https:\/\/tarkett.com.br\/blog\/como-escolher-o-piso-ideal-para-escritorios-modernos\/\">agosto 13, 2025<\/a><\/span>\n\t\t\t\t\t\t\t\t\t\t\t\t<a class=\"post_meta_item post_author\" rel=\"author\" href=\"https:\/\/tarkett.com.br\/blog\/author\/admin\/\">\n\t\t\t\t\t\t\tBy admin\t\t\t\t\t\t<\/a>\n\t\t\t\t\t\t<\/div><!-- .post_meta --><\/div><!-- .entry-header --><\/div><!-- .entry-content --><\/div><!-- .sc_blogger_item --><\/div><\/div><\/div><!-- \/.sc_blogger -->[vc_empty_space height=&#8221;3.3em&#8221; alter_height=&#8221;none&#8221; hide_on_mobile=&#8221;&#8221;][vc_empty_space height=&#8221;1em&#8221; alter_height=&#8221;none&#8221; hide_on_mobile=&#8221;1&#8243;][\/vc_column][\/vc_row][vc_row content_placement=&#8221;middle&#8221;][vc_column][vc_empty_space height=&#8221;4.7em&#8221; alter_height=&#8221;none&#8221; hide_on_mobile=&#8221;&#8221;][vc_empty_space height=&#8221;1em&#8221; alter_height=&#8221;none&#8221; hide_on_mobile=&#8221;1&#8243;]<div id=\"sc_title_77301131\"\n\t\tclass=\"sc_title color_style_default sc_title_default\"><h2 class=\"sc_item_title sc_title_title sc_align_left sc_item_title_style_default sc_item_title_tag\">Mais vistos<\/h2><\/div><!-- \/.sc_title -->[vc_empty_space height=&#8221;2em&#8221; alter_height=&#8221;none&#8221; hide_on_mobile=&#8221;&#8221;][vc_empty_space height=&#8221;0.6em&#8221; alter_height=&#8221;none&#8221; hide_on_mobile=&#8221;1&#8243;][\/vc_column][\/vc_row][vc_row][vc_column width=&#8221;2\/3&#8243;]<div id=\"widget_recent_news_1184546082\" class=\"sc_recent_news sc_recent_news_style_news-portfolio sc_recent_news_with_accented\"><article \n\tclass=\"post_item post_layout_news-portfolio post_format_standard post-4574 post type-post status-publish format-standard has-post-thumbnail hentry category-beneficios category-dicas category-mais-vistos category-uncategorized\"\t\t>\n\n\t<div class=\"post_featured with_thumb hover_icon\"><img loading=\"lazy\" decoding=\"async\" width=\"1170\" height=\"658\" src=\"https:\/\/tarkett.com.br\/blog\/wp-content\/uploads\/2025\/07\/ambientada-trigo-loft-1170x658.jpg\" class=\"attachment-eject-thumb-huge size-eject-thumb-huge wp-post-image\" alt=\"Piso vin\u00edlico: conforto t\u00e9rmico e beleza para todas as esta\u00e7\u00f5es do ano\" srcset=\"https:\/\/tarkett.com.br\/blog\/wp-content\/uploads\/2025\/07\/ambientada-trigo-loft-1170x658.jpg 1170w, https:\/\/tarkett.com.br\/blog\/wp-content\/uploads\/2025\/07\/ambientada-trigo-loft-760x428.jpg 760w, https:\/\/tarkett.com.br\/blog\/wp-content\/uploads\/2025\/07\/ambientada-trigo-loft-370x208.jpg 370w, https:\/\/tarkett.com.br\/blog\/wp-content\/uploads\/2025\/07\/ambientada-trigo-loft-270x152.jpg 270w\" sizes=\"auto, (max-width: 1170px) 100vw, 1170px\" \/><div class=\"mask\"><\/div><div class=\"icons\"><a href=\"https:\/\/tarkett.com.br\/blog\/piso-vinilico-conforto-termico-e-beleza-para-todas-as-estacoes-do-ano\/\" aria-hidden=\"true\" class=\"icon-unlink\"><\/a><\/div><div class=\"post_info\"><h5 class=\"post_title entry-title\"><a href=\"https:\/\/tarkett.com.br\/blog\/piso-vinilico-conforto-termico-e-beleza-para-todas-as-estacoes-do-ano\/\" rel=\"bookmark\">Piso vin\u00edlico: conforto t\u00e9rmico e beleza para todas as esta\u00e7\u00f5es do ano<\/a><\/h5><div class=\"post_meta\"><span class=\"post_categories post_meta_item\"><a href=\"https:\/\/tarkett.com.br\/blog\/category\/beneficios\/\" title=\"View all posts in Benef\u00edcios\">Benef\u00edcios<\/a>, <a href=\"https:\/\/tarkett.com.br\/blog\/category\/dicas\/\" title=\"View all posts in Dicas\">Dicas<\/a>, <a href=\"https:\/\/tarkett.com.br\/blog\/category\/mais-vistos\/\" title=\"View all posts in Mais Vistos\">Mais Vistos<\/a>, <a href=\"https:\/\/tarkett.com.br\/blog\/category\/uncategorized\/\" title=\"View all posts in Uncategorized\">Uncategorized<\/a><\/span><span class=\"post_date post_meta_item\"><a href=\"https:\/\/tarkett.com.br\/blog\/piso-vinilico-conforto-termico-e-beleza-para-todas-as-estacoes-do-ano\/\">julho 21, 2025<\/a><\/span><span class=\"post_author post_meta_item\">By admin<\/span><a href=\"https:\/\/tarkett.com.br\/blog\/piso-vinilico-conforto-termico-e-beleza-para-todas-as-estacoes-do-ano\/#respond\" class=\"post_meta_item post_counters_comments icon-comment-light\"><span class=\"post_counters_number\">0<\/span> <span class=\"post_counters_label\">Comments<\/span><\/a><\/div><\/div><\/div><\/article><\/div><!-- \/.sc_recent_news -->[vc_empty_space height=&#8221;2em&#8221; alter_height=&#8221;none&#8221; hide_on_mobile=&#8221;&#8221;][\/vc_column][vc_column width=&#8221;1\/3&#8243; scheme=&#8221;default&#8221;]<div id=\"sc_content_1191576171\"\n\t\tclass=\"sc_content color_style_default scheme_default sc_content_default sc_content_width_100p sc_float_center sc_padding_tiny  vc_custom_1558374344172\"><div class=\"sc_content_container\">[vc_empty_space height=&#8221;1.7em&#8221; alter_height=&#8221;none&#8221; hide_on_mobile=&#8221;&#8221;][vc_empty_space height=&#8221;1.3em&#8221; alter_height=&#8221;none&#8221; hide_on_mobile=&#8221;1&#8243;]<div id=\"sc_icons_1407006625\" \n\tclass=\"sc_icons sc_icons_default sc_icons_size_small sc_align_center\"><div class=\"sc_icons_item\"><div class=\"sc_icons_image\"><img loading=\"lazy\" decoding=\"async\" src=\"https:\/\/tarkett.com.br\/blog\/wp-content\/uploads\/2019\/05\/news.png\" alt=\"\" width=\"49\" height=\"49\"><\/div><\/div><\/div><!-- \/.sc_icons -->[vc_empty_space height=&#8221;1em&#8221; alter_height=&#8221;none&#8221; hide_on_mobile=&#8221;&#8221;]<div id=\"sc_title_1990155019\"\n\t\tclass=\"sc_title color_style_default scheme_dark sc_title_default\"><h5 class=\"sc_item_title sc_title_title sc_align_center sc_item_title_style_default sc_item_title_tag\">Inscreva-se para receber<br>nossa newsletter<\/h5><\/div><!-- \/.sc_title -->[vc_empty_space height=&#8221;2em&#8221; alter_height=&#8221;none&#8221; hide_on_mobile=&#8221;&#8221;][vc_empty_space height=&#8221;0.6em&#8221; alter_height=&#8221;none&#8221; hide_on_mobile=&#8221;1&#8243;][vc_column_text]<script>(function() {\n\twindow.mc4wp = window.mc4wp || {\n\t\tlisteners: [],\n\t\tforms: {\n\t\t\ton: function(evt, cb) {\n\t\t\t\twindow.mc4wp.listeners.push(\n\t\t\t\t\t{\n\t\t\t\t\t\tevent   : evt,\n\t\t\t\t\t\tcallback: cb\n\t\t\t\t\t}\n\t\t\t\t);\n\t\t\t}\n\t\t}\n\t}\n})();\n<\/script><!-- Mailchimp for WordPress v4.10.0 - https:\/\/wordpress.org\/plugins\/mailchimp-for-wp\/ --><form id=\"mc4wp-form-1\" class=\"mc4wp-form mc4wp-form-242\" method=\"post\" data-id=\"242\" data-name=\"New\" ><div class=\"mc4wp-form-fields\">\t\t\t\t<p>\r\n\t<input type=\"email\" name=\"EMAIL\" placeholder=\"Email\" required \/>\r\n<\/p>\r\n\r\n<p>\r\n\t<input type=\"submit\" value=\"Inscreva-se\" \/>\r\n<\/p>\r\n\r\n<p>\r\n    <label>\r\n        <input name=\"AGREE_TO_TERMS\" type=\"checkbox\" value=\"1\" required=\"\"><a href=\"https:\/\/www.tarkett.com.br\/politica-de-privacidade\" target=\"_blank\" rel=\"noopener noreferrer\"> Eu aceito que os dados enviados ser\u00e3o coletados e armazenados.<\/a>\r\n  <\/label>\r\n<\/p><\/div><label style=\"display: none !important;\">Leave this field empty if you're human: <input type=\"text\" name=\"_mc4wp_honeypot\" value=\"\" tabindex=\"-1\" autocomplete=\"off\" \/><\/label><input type=\"hidden\" name=\"_mc4wp_timestamp\" value=\"1777280264\" \/><input type=\"hidden\" name=\"_mc4wp_form_id\" value=\"242\" \/><input type=\"hidden\" name=\"_mc4wp_form_element_id\" value=\"mc4wp-form-1\" \/><div class=\"mc4wp-response\"><\/div><\/form><!-- \/ Mailchimp for WordPress Plugin -->[\/vc_column_text][vc_empty_space height=&#8221;0.5em&#8221; alter_height=&#8221;none&#8221; hide_on_mobile=&#8221;&#8221;][vc_column_text]<\/p>\n<p style=\"text-align: center;\"><span style=\"font-size: 12px;\">N\u00e3o se preocupe, n\u00e3o enviamos spam<\/span><\/p>\n<p>[\/vc_column_text][vc_empty_space height=&#8221;2em&#8221; alter_height=&#8221;none&#8221; hide_on_mobile=&#8221;&#8221;]<\/div><\/div><!-- \/.sc_content -->[vc_empty_space height=&#8221;2em&#8221; alter_height=&#8221;none&#8221; hide_on_mobile=&#8221;&#8221;][\/vc_column][\/vc_row][vc_row][vc_column width=&#8221;2\/3&#8243;][vc_empty_space height=&#8221;1em&#8221; alter_height=&#8221;none&#8221; hide_on_mobile=&#8221;&#8221;]<div id=\"widget_recent_news_947690210\" class=\"sc_recent_news sc_recent_news_style_news-excerpt sc_recent_news_with_accented\"><article \n\tclass=\"post_item post_layout_news-excerpt post_format_standard post-3946 post type-post status-publish format-standard has-post-thumbnail hentry category-decoracao category-dicas category-mais-vistos\"\t\t>\n\n\t<div class=\"post_featured with_thumb hover_icon\"><img loading=\"lazy\" decoding=\"async\" width=\"770\" height=\"652\" src=\"https:\/\/tarkett.com.br\/blog\/wp-content\/uploads\/2024\/03\/Piso-Vinilico-Cor-Ibiza-Linha-Tech-Colecao-Essence-Tarkett-alta-770x652.jpg\" class=\"attachment-eject-thumb-blogger size-eject-thumb-blogger wp-post-image\" alt=\"5 dicas de decora\u00e7\u00e3o simples e r\u00e1pidas para sua casa\" \/><div class=\"mask\"><\/div><div class=\"icons\"><a href=\"https:\/\/tarkett.com.br\/blog\/decoracao-de-casa-simples\/\" aria-hidden=\"true\" class=\"icon-unlink\"><\/a><\/div><\/div>\n\t<div class=\"post_body\">\n\n\t\t\t\t\t<div class=\"post_header entry-header\">\n                <div class=\"post_meta\"><span class=\"post_categories post_meta_item\"><a href=\"https:\/\/tarkett.com.br\/blog\/category\/decoracao\/\" title=\"View all posts in Decora\u00e7\u00e3o\">Decora\u00e7\u00e3o<\/a>, <a href=\"https:\/\/tarkett.com.br\/blog\/category\/dicas\/\" title=\"View all posts in Dicas\">Dicas<\/a>, <a href=\"https:\/\/tarkett.com.br\/blog\/category\/mais-vistos\/\" title=\"View all posts in Mais Vistos\">Mais Vistos<\/a><\/span><\/div>\n                <h4 class=\"post_title entry-title\"><a href=\"https:\/\/tarkett.com.br\/blog\/decoracao-de-casa-simples\/\" rel=\"bookmark\">5 dicas de decora\u00e7\u00e3o simples e r\u00e1pidas para sua casa<\/a><\/h4><div class=\"post_meta\"><span class=\"post_date post_meta_item\"><a href=\"https:\/\/tarkett.com.br\/blog\/decoracao-de-casa-simples\/\">mar\u00e7o 28, 2024<\/a><\/span><span class=\"post_author post_meta_item\">By admin<\/span><\/div>\t\t\t<\/div><!-- .entry-header -->\n\t\t\t\t\t\n\t\t<div class=\"post_content entry-content\">\n\t\t\tSaiba como evitar o quebra-quebra e mudar completamente a sua casa! Quem n\u00e3o gostaria de...\t\t<\/div><!-- .entry-content -->\n\n        <a class=\"sc_button sc_button_simple\" href=\"https:\/\/tarkett.com.br\/blog\/decoracao-de-casa-simples\/\"><\/a>\n\n        \t<\/div><!-- .post_body -->\n\n<\/article><article \n\tclass=\"post_item post_layout_news-excerpt post_format_standard post-3952 post type-post status-publish format-standard has-post-thumbnail hentry category-mais-vistos category-noticias\"\t\t>\n\n\t<div class=\"post_featured with_thumb hover_icon\"><img loading=\"lazy\" decoding=\"async\" width=\"770\" height=\"652\" src=\"https:\/\/tarkett.com.br\/blog\/wp-content\/uploads\/2024\/03\/24368711_malva_minitaco_essence30-4-770x652.jpg\" class=\"attachment-eject-thumb-blogger size-eject-thumb-blogger wp-post-image\" alt=\"Conhe\u00e7a o premiado piso vin\u00edlico da Tarkett que facilita pagina\u00e7\u00f5es criativas!\" \/><div class=\"mask\"><\/div><div class=\"icons\"><a href=\"https:\/\/tarkett.com.br\/blog\/premio-_best-in_show_expo_revestir\/\" aria-hidden=\"true\" class=\"icon-unlink\"><\/a><\/div><\/div>\n\t<div class=\"post_body\">\n\n\t\t\t\t\t<div class=\"post_header entry-header\">\n                <div class=\"post_meta\"><span class=\"post_categories post_meta_item\"><a href=\"https:\/\/tarkett.com.br\/blog\/category\/mais-vistos\/\" title=\"View all posts in Mais Vistos\">Mais Vistos<\/a>, <a href=\"https:\/\/tarkett.com.br\/blog\/category\/noticias\/\" title=\"View all posts in Not\u00edcias\">Not\u00edcias<\/a><\/span><\/div>\n                <h4 class=\"post_title entry-title\"><a href=\"https:\/\/tarkett.com.br\/blog\/premio-_best-in_show_expo_revestir\/\" rel=\"bookmark\">Conhe\u00e7a o premiado piso vin\u00edlico da Tarkett que facilita pagina\u00e7\u00f5es criativas!<\/a><\/h4><div class=\"post_meta\"><span class=\"post_date post_meta_item\"><a href=\"https:\/\/tarkett.com.br\/blog\/premio-_best-in_show_expo_revestir\/\">mar\u00e7o 22, 2024<\/a><\/span><span class=\"post_author post_meta_item\">By admin<\/span><\/div>\t\t\t<\/div><!-- .entry-header -->\n\t\t\t\t\t\n\t\t<div class=\"post_content entry-content\">\n\t\t\tQuando o ambiente \u00e9 pequeno, pensar fora da caixa na pagina\u00e7\u00e3o dos pisos \u00e9 um...\t\t<\/div><!-- .entry-content -->\n\n        <a class=\"sc_button sc_button_simple\" href=\"https:\/\/tarkett.com.br\/blog\/premio-_best-in_show_expo_revestir\/\"><\/a>\n\n        \t<\/div><!-- .post_body -->\n\n<\/article><article \n\tclass=\"post_item post_layout_news-excerpt post_format_standard post-3936 post type-post status-publish format-standard has-post-thumbnail hentry category-decoracao category-mais-vistos category-tendencias\"\t\t>\n\n\t<div class=\"post_featured with_thumb hover_icon\"><img loading=\"lazy\" decoding=\"async\" width=\"770\" height=\"652\" src=\"https:\/\/tarkett.com.br\/blog\/wp-content\/uploads\/2024\/03\/Linha-Essence-30-Piso-Vinilico-Cor-Dalia-minitaco-Tarkett-2-770x652.jpg\" class=\"attachment-eject-thumb-blogger size-eject-thumb-blogger wp-post-image\" alt=\"Conhe\u00e7a os lan\u00e7amentos da Tarkett na Expo Revestir 2024\" \/><div class=\"mask\"><\/div><div class=\"icons\"><a href=\"https:\/\/tarkett.com.br\/blog\/conheca-os-lancamentos-da-tarkett-na-expo-revestir-2024\/\" aria-hidden=\"true\" class=\"icon-unlink\"><\/a><\/div><\/div>\n\t<div class=\"post_body\">\n\n\t\t\t\t\t<div class=\"post_header entry-header\">\n                <div class=\"post_meta\"><span class=\"post_categories post_meta_item\"><a href=\"https:\/\/tarkett.com.br\/blog\/category\/decoracao\/\" title=\"View all posts in Decora\u00e7\u00e3o\">Decora\u00e7\u00e3o<\/a>, <a href=\"https:\/\/tarkett.com.br\/blog\/category\/mais-vistos\/\" title=\"View all posts in Mais Vistos\">Mais Vistos<\/a>, <a href=\"https:\/\/tarkett.com.br\/blog\/category\/tendencias\/\" title=\"View all posts in Tend\u00eancias\">Tend\u00eancias<\/a><\/span><\/div>\n                <h4 class=\"post_title entry-title\"><a href=\"https:\/\/tarkett.com.br\/blog\/conheca-os-lancamentos-da-tarkett-na-expo-revestir-2024\/\" rel=\"bookmark\">Conhe\u00e7a os lan\u00e7amentos da Tarkett na Expo Revestir 2024<\/a><\/h4><div class=\"post_meta\"><span class=\"post_date post_meta_item\"><a href=\"https:\/\/tarkett.com.br\/blog\/conheca-os-lancamentos-da-tarkett-na-expo-revestir-2024\/\">mar\u00e7o 19, 2024<\/a><\/span><span class=\"post_author post_meta_item\">By admin<\/span><\/div>\t\t\t<\/div><!-- .entry-header -->\n\t\t\t\t\t\n\t\t<div class=\"post_content entry-content\">\n\t\t\tConfira as novidades da l\u00edder mundial em pisos vin\u00edlicos \u00c9 na Expo Revestir que as...\t\t<\/div><!-- .entry-content -->\n\n        <a class=\"sc_button sc_button_simple\" href=\"https:\/\/tarkett.com.br\/blog\/conheca-os-lancamentos-da-tarkett-na-expo-revestir-2024\/\"><\/a>\n\n        \t<\/div><!-- .post_body -->\n\n<\/article><\/div><!-- \/.sc_recent_news -->[vc_empty_space height=&#8221;2.3em&#8221; alter_height=&#8221;none&#8221; hide_on_mobile=&#8221;&#8221;]<div class=\"sc_item_button sc_button_wrap sc_align_center\"><a href=\"https:\/\/tarkett.com.br\/blog\/todos-os-posts\/\" id=\"sc_button_905151131\" class=\"sc_button color_style_link2 sc_button_default width-100 sc_button_size_large sc_button_icon_left\"><span class=\"sc_button_text sc_align_center\"><span class=\"sc_button_title\">Ver todos os posts<\/span><\/span><!-- \/.sc_button_text --><\/a><!-- \/.sc_button --><\/div><!-- \/.sc_item_button -->[vc_empty_space height=&#8221;1em&#8221; alter_height=&#8221;none&#8221; hide_on_mobile=&#8221;&#8221;][\/vc_column][vc_column width=&#8221;1\/3&#8243;][vc_empty_space height=&#8221;2em&#8221; alter_height=&#8221;none&#8221; hide_on_mobile=&#8221;&#8221;]<div id=\"widget_recent_posts_796992222\" class=\"widget_area sc_widget_recent_posts vc_widget_recent_posts wpb_content_element\"><aside id=\"widget_recent_posts_796992222_widget\" class=\"widget widget_recent_posts\"><h5 class=\"widget_title\">N\u00e3o perca<\/h5><article class=\"post_item with_thumb\"><div class=\"post_thumb\"><a href=\"https:\/\/tarkett.com.br\/blog\/pisos-vinilicos-hospitais-ambientes-saude\/\"><img loading=\"lazy\" decoding=\"async\" width=\"90\" height=\"90\" src=\"https:\/\/tarkett.com.br\/blog\/wp-content\/uploads\/2026\/04\/Decode-Grafito-Piso-Vinilico-Manta-Cor-Medium-Grey-25098100-Tarkett-alta-Grande-90x90.jpeg\" class=\"attachment-eject-thumb-tiny size-eject-thumb-tiny wp-post-image\" alt=\"Dia Mundial da Sa\u00fade: como criar ambientes mais seguros e acolhedores?\" srcset=\"https:\/\/tarkett.com.br\/blog\/wp-content\/uploads\/2026\/04\/Decode-Grafito-Piso-Vinilico-Manta-Cor-Medium-Grey-25098100-Tarkett-alta-Grande-90x90.jpeg 90w, https:\/\/tarkett.com.br\/blog\/wp-content\/uploads\/2026\/04\/Decode-Grafito-Piso-Vinilico-Manta-Cor-Medium-Grey-25098100-Tarkett-alta-Grande-150x150.jpeg 150w, https:\/\/tarkett.com.br\/blog\/wp-content\/uploads\/2026\/04\/Decode-Grafito-Piso-Vinilico-Manta-Cor-Medium-Grey-25098100-Tarkett-alta-Grande-370x370.jpeg 370w\" sizes=\"auto, (max-width: 90px) 100vw, 90px\" \/><\/a><\/div><div class=\"post_content\"><h6 class=\"post_title\"><a href=\"https:\/\/tarkett.com.br\/blog\/pisos-vinilicos-hospitais-ambientes-saude\/\">Dia Mundial da Sa\u00fade: como criar ambientes mais seguros e acolhedores?<\/a><\/h6><div class=\"post_info\"><span class=\"post_info_item post_info_posted_by\">by <a href=\"https:\/\/tarkett.com.br\/blog\/author\/admin\/\" class=\"post_info_author\">admin<\/a><\/span><span class=\"post_info_item post_info_posted\"><a href=\"https:\/\/tarkett.com.br\/blog\/pisos-vinilicos-hospitais-ambientes-saude\/\" class=\"post_info_date\">abril 24, 2026<\/a><\/span><\/div><\/div><\/article><article class=\"post_item with_thumb\"><div class=\"post_thumb\"><a href=\"https:\/\/tarkett.com.br\/blog\/autismo-sensibilidade-auditiva-conforto-acustico-piso-vinilico\/\"><img loading=\"lazy\" decoding=\"async\" width=\"90\" height=\"90\" src=\"https:\/\/tarkett.com.br\/blog\/wp-content\/uploads\/2026\/04\/Recanto-Doma-Piso-Vinilico-Cor-Mascavo-Tarkett-4-alta-Grande-90x90.jpeg\" class=\"attachment-eject-thumb-tiny size-eject-thumb-tiny wp-post-image\" alt=\"Autismo e sensibilidade auditiva: como criar espa\u00e7os mais confort\u00e1veis a partir do piso\" srcset=\"https:\/\/tarkett.com.br\/blog\/wp-content\/uploads\/2026\/04\/Recanto-Doma-Piso-Vinilico-Cor-Mascavo-Tarkett-4-alta-Grande-90x90.jpeg 90w, https:\/\/tarkett.com.br\/blog\/wp-content\/uploads\/2026\/04\/Recanto-Doma-Piso-Vinilico-Cor-Mascavo-Tarkett-4-alta-Grande-150x150.jpeg 150w, https:\/\/tarkett.com.br\/blog\/wp-content\/uploads\/2026\/04\/Recanto-Doma-Piso-Vinilico-Cor-Mascavo-Tarkett-4-alta-Grande-370x370.jpeg 370w\" sizes=\"auto, (max-width: 90px) 100vw, 90px\" \/><\/a><\/div><div class=\"post_content\"><h6 class=\"post_title\"><a href=\"https:\/\/tarkett.com.br\/blog\/autismo-sensibilidade-auditiva-conforto-acustico-piso-vinilico\/\">Autismo e sensibilidade auditiva: como criar espa\u00e7os mais confort\u00e1veis a partir do piso<\/a><\/h6><div class=\"post_info\"><span class=\"post_info_item post_info_posted_by\">by <a href=\"https:\/\/tarkett.com.br\/blog\/author\/admin\/\" class=\"post_info_author\">admin<\/a><\/span><span class=\"post_info_item post_info_posted\"><a href=\"https:\/\/tarkett.com.br\/blog\/autismo-sensibilidade-auditiva-conforto-acustico-piso-vinilico\/\" class=\"post_info_date\">abril 20, 2026<\/a><\/span><\/div><\/div><\/article><article class=\"post_item with_thumb\"><div class=\"post_thumb\"><a href=\"https:\/\/tarkett.com.br\/blog\/qualidade-do-ar-interno-piso-saude-bem-estar\/\"><img loading=\"lazy\" decoding=\"async\" width=\"90\" height=\"90\" src=\"https:\/\/tarkett.com.br\/blog\/wp-content\/uploads\/2026\/04\/DESSO-Air-Master-05-90x90.jpg\" class=\"attachment-eject-thumb-tiny size-eject-thumb-tiny wp-post-image\" alt=\"Qualidade do ar come\u00e7a pelo ch\u00e3o: como o piso pode impactar a sa\u00fade e o bem-estar?\" srcset=\"https:\/\/tarkett.com.br\/blog\/wp-content\/uploads\/2026\/04\/DESSO-Air-Master-05-90x90.jpg 90w, https:\/\/tarkett.com.br\/blog\/wp-content\/uploads\/2026\/04\/DESSO-Air-Master-05-150x150.jpg 150w, https:\/\/tarkett.com.br\/blog\/wp-content\/uploads\/2026\/04\/DESSO-Air-Master-05-370x370.jpg 370w\" sizes=\"auto, (max-width: 90px) 100vw, 90px\" \/><\/a><\/div><div class=\"post_content\"><h6 class=\"post_title\"><a href=\"https:\/\/tarkett.com.br\/blog\/qualidade-do-ar-interno-piso-saude-bem-estar\/\">Qualidade do ar come\u00e7a pelo ch\u00e3o: como o piso pode impactar a sa\u00fade e o bem-estar?<\/a><\/h6><div class=\"post_info\"><span class=\"post_info_item post_info_posted_by\">by <a href=\"https:\/\/tarkett.com.br\/blog\/author\/admin\/\" class=\"post_info_author\">admin<\/a><\/span><span class=\"post_info_item post_info_posted\"><a href=\"https:\/\/tarkett.com.br\/blog\/qualidade-do-ar-interno-piso-saude-bem-estar\/\" class=\"post_info_date\">abril 6, 2026<\/a><\/span><\/div><\/div><\/article><article class=\"post_item with_thumb\"><div class=\"post_thumb\"><a href=\"https:\/\/tarkett.com.br\/blog\/piso-vinilico-modular-paginacao-inteligente\/\"><img loading=\"lazy\" decoding=\"async\" width=\"90\" height=\"90\" src=\"https:\/\/tarkett.com.br\/blog\/wp-content\/uploads\/2025\/08\/Recanto-Doma-Piso-Vinilico-Cor-Trigo-Tarkett-2-alta-90x90.jpg\" class=\"attachment-eject-thumb-tiny size-eject-thumb-tiny wp-post-image\" alt=\"Modularidade inteligente: desbloqueie o potencial criativo dos pisos vin\u00edlicos!\" srcset=\"https:\/\/tarkett.com.br\/blog\/wp-content\/uploads\/2025\/08\/Recanto-Doma-Piso-Vinilico-Cor-Trigo-Tarkett-2-alta-90x90.jpg 90w, https:\/\/tarkett.com.br\/blog\/wp-content\/uploads\/2025\/08\/Recanto-Doma-Piso-Vinilico-Cor-Trigo-Tarkett-2-alta-150x150.jpg 150w, https:\/\/tarkett.com.br\/blog\/wp-content\/uploads\/2025\/08\/Recanto-Doma-Piso-Vinilico-Cor-Trigo-Tarkett-2-alta-370x370.jpg 370w\" sizes=\"auto, (max-width: 90px) 100vw, 90px\" \/><\/a><\/div><div class=\"post_content\"><h6 class=\"post_title\"><a href=\"https:\/\/tarkett.com.br\/blog\/piso-vinilico-modular-paginacao-inteligente\/\">Modularidade inteligente: desbloqueie o potencial criativo dos pisos vin\u00edlicos!<\/a><\/h6><div class=\"post_info\"><span class=\"post_info_item post_info_posted_by\">by <a href=\"https:\/\/tarkett.com.br\/blog\/author\/admin\/\" class=\"post_info_author\">admin<\/a><\/span><span class=\"post_info_item post_info_posted\"><a href=\"https:\/\/tarkett.com.br\/blog\/piso-vinilico-modular-paginacao-inteligente\/\" class=\"post_info_date\">mar\u00e7o 30, 2026<\/a><\/span><\/div><\/div><\/article><article class=\"post_item with_thumb\"><div class=\"post_thumb\"><a href=\"https:\/\/tarkett.com.br\/blog\/id-square-piso-lvt-para-escritorios-com-piso-elevado\/\"><img loading=\"lazy\" decoding=\"async\" width=\"90\" height=\"90\" src=\"https:\/\/tarkett.com.br\/blog\/wp-content\/uploads\/2026\/02\/image-4-90x90.png\" class=\"attachment-eject-thumb-tiny size-eject-thumb-tiny wp-post-image\" alt=\"Tarkett amplia possibilidades de design em escrit\u00f3rios com lan\u00e7amento da iD Square.\" srcset=\"https:\/\/tarkett.com.br\/blog\/wp-content\/uploads\/2026\/02\/image-4-90x90.png 90w, https:\/\/tarkett.com.br\/blog\/wp-content\/uploads\/2026\/02\/image-4-150x150.png 150w, https:\/\/tarkett.com.br\/blog\/wp-content\/uploads\/2026\/02\/image-4-370x370.png 370w\" sizes=\"auto, (max-width: 90px) 100vw, 90px\" \/><\/a><\/div><div class=\"post_content\"><h6 class=\"post_title\"><a href=\"https:\/\/tarkett.com.br\/blog\/id-square-piso-lvt-para-escritorios-com-piso-elevado\/\">Tarkett amplia possibilidades de design em escrit\u00f3rios com lan\u00e7amento da iD Square.<\/a><\/h6><div class=\"post_info\"><span class=\"post_info_item post_info_posted_by\">by <a href=\"https:\/\/tarkett.com.br\/blog\/author\/admin\/\" class=\"post_info_author\">admin<\/a><\/span><span class=\"post_info_item post_info_posted\"><a href=\"https:\/\/tarkett.com.br\/blog\/id-square-piso-lvt-para-escritorios-com-piso-elevado\/\" class=\"post_info_date\">fevereiro 23, 2026<\/a><\/span><\/div><\/div><\/article><article class=\"post_item with_thumb\"><div class=\"post_thumb\"><a href=\"https:\/\/tarkett.com.br\/blog\/como-a-cor-do-piso-define-a-sensacao-do-ambiente\/\"><img loading=\"lazy\" decoding=\"async\" width=\"90\" height=\"90\" src=\"https:\/\/tarkett.com.br\/blog\/wp-content\/uploads\/2024\/09\/Decode-Wood-Piso-Vinilico-Manta-Cor-Haussmann-Classic-25098095-Tarkett-90x90.jpg\" class=\"attachment-eject-thumb-tiny size-eject-thumb-tiny wp-post-image\" alt=\"Muito al\u00e9m da beleza: como a cor do piso define a sensa\u00e7\u00e3o do ambiente?\" srcset=\"https:\/\/tarkett.com.br\/blog\/wp-content\/uploads\/2024\/09\/Decode-Wood-Piso-Vinilico-Manta-Cor-Haussmann-Classic-25098095-Tarkett-90x90.jpg 90w, https:\/\/tarkett.com.br\/blog\/wp-content\/uploads\/2024\/09\/Decode-Wood-Piso-Vinilico-Manta-Cor-Haussmann-Classic-25098095-Tarkett-150x150.jpg 150w, https:\/\/tarkett.com.br\/blog\/wp-content\/uploads\/2024\/09\/Decode-Wood-Piso-Vinilico-Manta-Cor-Haussmann-Classic-25098095-Tarkett-370x370.jpg 370w\" sizes=\"auto, (max-width: 90px) 100vw, 90px\" \/><\/a><\/div><div class=\"post_content\"><h6 class=\"post_title\"><a href=\"https:\/\/tarkett.com.br\/blog\/como-a-cor-do-piso-define-a-sensacao-do-ambiente\/\">Muito al\u00e9m da beleza: como a cor do piso define a sensa\u00e7\u00e3o do ambiente?<\/a><\/h6><div class=\"post_info\"><span class=\"post_info_item post_info_posted_by\">by <a href=\"https:\/\/tarkett.com.br\/blog\/author\/admin\/\" class=\"post_info_author\">admin<\/a><\/span><span class=\"post_info_item post_info_posted\"><a href=\"https:\/\/tarkett.com.br\/blog\/como-a-cor-do-piso-define-a-sensacao-do-ambiente\/\" class=\"post_info_date\">fevereiro 9, 2026<\/a><\/span><\/div><\/div><\/article><article class=\"post_item with_thumb\"><div class=\"post_thumb\"><a href=\"https:\/\/tarkett.com.br\/blog\/tendencias-para-apostar-em-2026-o-piso-vinilico-pode-te-ajudar\/\"><img loading=\"lazy\" decoding=\"async\" width=\"90\" height=\"90\" src=\"https:\/\/tarkett.com.br\/blog\/wp-content\/uploads\/2026\/02\/ambientada-mascavo-cozinha-2-90x90.jpg\" class=\"attachment-eject-thumb-tiny size-eject-thumb-tiny wp-post-image\" alt=\"Tend\u00eancias para apostar em 2026: o piso vin\u00edlico pode te ajudar!\" srcset=\"https:\/\/tarkett.com.br\/blog\/wp-content\/uploads\/2026\/02\/ambientada-mascavo-cozinha-2-90x90.jpg 90w, https:\/\/tarkett.com.br\/blog\/wp-content\/uploads\/2026\/02\/ambientada-mascavo-cozinha-2-150x150.jpg 150w, https:\/\/tarkett.com.br\/blog\/wp-content\/uploads\/2026\/02\/ambientada-mascavo-cozinha-2-370x370.jpg 370w\" sizes=\"auto, (max-width: 90px) 100vw, 90px\" \/><\/a><\/div><div class=\"post_content\"><h6 class=\"post_title\"><a href=\"https:\/\/tarkett.com.br\/blog\/tendencias-para-apostar-em-2026-o-piso-vinilico-pode-te-ajudar\/\">Tend\u00eancias para apostar em 2026: o piso vin\u00edlico pode te ajudar!<\/a><\/h6><div class=\"post_info\"><span class=\"post_info_item post_info_posted_by\">by <a href=\"https:\/\/tarkett.com.br\/blog\/author\/admin\/\" class=\"post_info_author\">admin<\/a><\/span><span class=\"post_info_item post_info_posted\"><a href=\"https:\/\/tarkett.com.br\/blog\/tendencias-para-apostar-em-2026-o-piso-vinilico-pode-te-ajudar\/\" class=\"post_info_date\">fevereiro 2, 2026<\/a><\/span><\/div><\/div><\/article><\/aside><\/div>[\/vc_column][\/vc_row][vc_row content_placement=&#8221;middle&#8221;][vc_column][vc_empty_space height=&#8221;4.7em&#8221; alter_height=&#8221;none&#8221; hide_on_mobile=&#8221;&#8221;][\/vc_column][\/vc_row]<\/p>\n<\/div>","protected":false},"excerpt":{"rendered":"<p>[vc_row full_width=&#8221;stretch_row_content_no_spaces&#8221; full_height=&#8221;yes&#8221; equal_height=&#8221;yes&#8221;][vc_column][\/vc_column][\/vc_row][vc_row][vc_column][vc_empty_space height=&#8221;4.5em&#8221; alter_height=&#8221;none&#8221; hide_on_mobile=&#8221;&#8221;][vc_empty_space height=&#8221;1em&#8221; alter_height=&#8221;none&#8221; hide_on_mobile=&#8221;1&#8243;][vc_empty_space height=&#8221;2em&#8221; alter_height=&#8221;none&#8221; hide_on_mobile=&#8221;&#8221;][vc_empty_space height=&#8221;0.6em&#8221; alter_height=&#8221;none&#8221; hide_on_mobile=&#8221;1&#8243;][\/vc_column][\/vc_row][vc_row][vc_column][vc_empty_space height=&#8221;2.5em&#8221; alter_height=&#8221;none&#8221; hide_on_mobile=&#8221;&#8221;][vc_empty_space height=&#8221;0.5em&#8221; alter_height=&#8221;none&#8221; hide_on_mobile=&#8221;1&#8243;][vc_empty_space height=&#8221;2em&#8221; alter_height=&#8221;none&#8221; hide_on_mobile=&#8221;&#8221;][vc_empty_space height=&#8221;0.6em&#8221; alter_height=&#8221;none&#8221; hide_on_mobile=&#8221;1&#8243;][vc_row_inner][vc_column_inner width=&#8221;2\/3&#8243;][vc_empty_space height=&#8221;3em&#8221;&hellip;<\/p>\n","protected":false},"author":16,"featured_media":0,"parent":0,"menu_order":0,"comment_status":"closed","ping_status":"closed","template":"","meta":{"footnotes":""},"class_list":["post-1298","page","type-page","status-publish","hentry"],"yoast_head":"<!-- This site is optimized with the Yoast SEO plugin v24.3 - https:\/\/yoast.com\/wordpress\/plugins\/seo\/ -->\n<title>Home - Blog Tarkett<\/title>\n<meta name=\"robots\" content=\"index, follow, max-snippet:-1, max-image-preview:large, max-video-preview:-1\" \/>\n<link rel=\"canonical\" href=\"https:\/\/tarkett.com.br\/blog\/\" \/>\n<meta property=\"og:locale\" content=\"pt_BR\" \/>\n<meta property=\"og:type\" content=\"article\" \/>\n<meta property=\"og:title\" content=\"Home - Blog Tarkett\" \/>\n<meta property=\"og:description\" content=\"[vc_row full_width=&#8221;stretch_row_content_no_spaces&#8221; full_height=&#8221;yes&#8221; equal_height=&#8221;yes&#8221;][vc_column][\/vc_column][\/vc_row][vc_row][vc_column][vc_empty_space height=&#8221;4.5em&#8221; alter_height=&#8221;none&#8221; hide_on_mobile=&#8221;&#8221;][vc_empty_space height=&#8221;1em&#8221; alter_height=&#8221;none&#8221; hide_on_mobile=&#8221;1&#8243;][vc_empty_space height=&#8221;2em&#8221; alter_height=&#8221;none&#8221; hide_on_mobile=&#8221;&#8221;][vc_empty_space height=&#8221;0.6em&#8221; alter_height=&#8221;none&#8221; hide_on_mobile=&#8221;1&#8243;][\/vc_column][\/vc_row][vc_row][vc_column][vc_empty_space height=&#8221;2.5em&#8221; alter_height=&#8221;none&#8221; hide_on_mobile=&#8221;&#8221;][vc_empty_space height=&#8221;0.5em&#8221; alter_height=&#8221;none&#8221; hide_on_mobile=&#8221;1&#8243;][vc_empty_space height=&#8221;2em&#8221; alter_height=&#8221;none&#8221; hide_on_mobile=&#8221;&#8221;][vc_empty_space height=&#8221;0.6em&#8221; alter_height=&#8221;none&#8221; hide_on_mobile=&#8221;1&#8243;][vc_row_inner][vc_column_inner width=&#8221;2\/3&#8243;][vc_empty_space height=&#8221;3em&#8221;&hellip;\" \/>\n<meta property=\"og:url\" content=\"https:\/\/tarkett.com.br\/blog\/\" \/>\n<meta property=\"og:site_name\" content=\"Blog Tarkett\" \/>\n<meta property=\"article:modified_time\" content=\"2023-07-13T03:53:50+00:00\" \/>\n<meta name=\"twitter:card\" content=\"summary_large_image\" \/>\n<meta name=\"twitter:label1\" content=\"Est. tempo de leitura\" \/>\n\t<meta name=\"twitter:data1\" content=\"2 minutos\" \/>\n<script type=\"application\/ld+json\" class=\"yoast-schema-graph\">{\"@context\":\"https:\/\/schema.org\",\"@graph\":[{\"@type\":\"WebPage\",\"@id\":\"https:\/\/tarkett.com.br\/blog\/\",\"url\":\"https:\/\/tarkett.com.br\/blog\/\",\"name\":\"Home - Blog Tarkett\",\"isPartOf\":{\"@id\":\"https:\/\/tarkett.com.br\/blog\/#website\"},\"datePublished\":\"2018-03-20T10:46:34+00:00\",\"dateModified\":\"2023-07-13T03:53:50+00:00\",\"breadcrumb\":{\"@id\":\"https:\/\/tarkett.com.br\/blog\/#breadcrumb\"},\"inLanguage\":\"pt-BR\",\"potentialAction\":[{\"@type\":\"ReadAction\",\"target\":[\"https:\/\/tarkett.com.br\/blog\/\"]}]},{\"@type\":\"BreadcrumbList\",\"@id\":\"https:\/\/tarkett.com.br\/blog\/#breadcrumb\",\"itemListElement\":[{\"@type\":\"ListItem\",\"position\":1,\"name\":\"Home\",\"item\":\"https:\/\/tarkett.com.br\/blog\/\"},{\"@type\":\"ListItem\",\"position\":2,\"name\":\"Home\"}]},{\"@type\":\"WebSite\",\"@id\":\"https:\/\/tarkett.com.br\/blog\/#website\",\"url\":\"https:\/\/tarkett.com.br\/blog\/\",\"name\":\"Blog Tarkett\",\"description\":\"Tarkett - L\u00edder mundial em pisos vin\u00edlicos\",\"potentialAction\":[{\"@type\":\"SearchAction\",\"target\":{\"@type\":\"EntryPoint\",\"urlTemplate\":\"https:\/\/tarkett.com.br\/blog\/?s={search_term_string}\"},\"query-input\":{\"@type\":\"PropertyValueSpecification\",\"valueRequired\":true,\"valueName\":\"search_term_string\"}}],\"inLanguage\":\"pt-BR\"}]}<\/script>\n<!-- \/ Yoast SEO plugin. -->","yoast_head_json":{"title":"Home - Blog Tarkett","robots":{"index":"index","follow":"follow","max-snippet":"max-snippet:-1","max-image-preview":"max-image-preview:large","max-video-preview":"max-video-preview:-1"},"canonical":"https:\/\/tarkett.com.br\/blog\/","og_locale":"pt_BR","og_type":"article","og_title":"Home - Blog Tarkett","og_description":"[vc_row full_width=&#8221;stretch_row_content_no_spaces&#8221; full_height=&#8221;yes&#8221; equal_height=&#8221;yes&#8221;][vc_column][\/vc_column][\/vc_row][vc_row][vc_column][vc_empty_space height=&#8221;4.5em&#8221; alter_height=&#8221;none&#8221; hide_on_mobile=&#8221;&#8221;][vc_empty_space height=&#8221;1em&#8221; alter_height=&#8221;none&#8221; hide_on_mobile=&#8221;1&#8243;][vc_empty_space height=&#8221;2em&#8221; alter_height=&#8221;none&#8221; hide_on_mobile=&#8221;&#8221;][vc_empty_space height=&#8221;0.6em&#8221; alter_height=&#8221;none&#8221; hide_on_mobile=&#8221;1&#8243;][\/vc_column][\/vc_row][vc_row][vc_column][vc_empty_space height=&#8221;2.5em&#8221; alter_height=&#8221;none&#8221; hide_on_mobile=&#8221;&#8221;][vc_empty_space height=&#8221;0.5em&#8221; alter_height=&#8221;none&#8221; hide_on_mobile=&#8221;1&#8243;][vc_empty_space height=&#8221;2em&#8221; alter_height=&#8221;none&#8221; hide_on_mobile=&#8221;&#8221;][vc_empty_space height=&#8221;0.6em&#8221; alter_height=&#8221;none&#8221; hide_on_mobile=&#8221;1&#8243;][vc_row_inner][vc_column_inner width=&#8221;2\/3&#8243;][vc_empty_space height=&#8221;3em&#8221;&hellip;","og_url":"https:\/\/tarkett.com.br\/blog\/","og_site_name":"Blog Tarkett","article_modified_time":"2023-07-13T03:53:50+00:00","twitter_card":"summary_large_image","twitter_misc":{"Est. tempo de leitura":"2 minutos"},"schema":{"@context":"https:\/\/schema.org","@graph":[{"@type":"WebPage","@id":"https:\/\/tarkett.com.br\/blog\/","url":"https:\/\/tarkett.com.br\/blog\/","name":"Home - Blog Tarkett","isPartOf":{"@id":"https:\/\/tarkett.com.br\/blog\/#website"},"datePublished":"2018-03-20T10:46:34+00:00","dateModified":"2023-07-13T03:53:50+00:00","breadcrumb":{"@id":"https:\/\/tarkett.com.br\/blog\/#breadcrumb"},"inLanguage":"pt-BR","potentialAction":[{"@type":"ReadAction","target":["https:\/\/tarkett.com.br\/blog\/"]}]},{"@type":"BreadcrumbList","@id":"https:\/\/tarkett.com.br\/blog\/#breadcrumb","itemListElement":[{"@type":"ListItem","position":1,"name":"Home","item":"https:\/\/tarkett.com.br\/blog\/"},{"@type":"ListItem","position":2,"name":"Home"}]},{"@type":"WebSite","@id":"https:\/\/tarkett.com.br\/blog\/#website","url":"https:\/\/tarkett.com.br\/blog\/","name":"Blog Tarkett","description":"Tarkett - L\u00edder mundial em pisos vin\u00edlicos","potentialAction":[{"@type":"SearchAction","target":{"@type":"EntryPoint","urlTemplate":"https:\/\/tarkett.com.br\/blog\/?s={search_term_string}"},"query-input":{"@type":"PropertyValueSpecification","valueRequired":true,"valueName":"search_term_string"}}],"inLanguage":"pt-BR"}]}},"_links":{"self":[{"href":"https:\/\/tarkett.com.br\/blog\/wp-json\/wp\/v2\/pages\/1298","targetHints":{"allow":["GET"]}}],"collection":[{"href":"https:\/\/tarkett.com.br\/blog\/wp-json\/wp\/v2\/pages"}],"about":[{"href":"https:\/\/tarkett.com.br\/blog\/wp-json\/wp\/v2\/types\/page"}],"author":[{"embeddable":true,"href":"https:\/\/tarkett.com.br\/blog\/wp-json\/wp\/v2\/users\/16"}],"replies":[{"embeddable":true,"href":"https:\/\/tarkett.com.br\/blog\/wp-json\/wp\/v2\/comments?post=1298"}],"version-history":[{"count":25,"href":"https:\/\/tarkett.com.br\/blog\/wp-json\/wp\/v2\/pages\/1298\/revisions"}],"predecessor-version":[{"id":3635,"href":"https:\/\/tarkett.com.br\/blog\/wp-json\/wp\/v2\/pages\/1298\/revisions\/3635"}],"wp:attachment":[{"href":"https:\/\/tarkett.com.br\/blog\/wp-json\/wp\/v2\/media?parent=1298"}],"curies":[{"name":"wp","href":"https:\/\/api.w.org\/{rel}","templated":true}]}}